{"id":5692,"date":"2022-07-08T18:20:26","date_gmt":"2022-07-08T16:20:26","guid":{"rendered":"https:\/\/boris-lamfroycavret.com\/?post_type=portfolio&#038;p=5692"},"modified":"2024-12-02T19:31:18","modified_gmt":"2024-12-02T18:31:18","slug":"minizinahaxlapasserelle","status":"publish","type":"portfolio","link":"https:\/\/boris-lamfroycavret.com\/?portfolio=minizinahaxlapasserelle","title":{"rendered":"MiniZine H\u00f4tel ADRIANO x La Passerelle"},"content":{"rendered":"\n<p>Dans le cadre d&rsquo;un cycle de cin\u00e9-rencontres autour de l&rsquo;animation japonaise et de l&rsquo;\u00e9cologie en collaboration entre le podcast <a rel=\"noreferrer noopener\" href=\"https:\/\/boris-lamfroycavret.com\/portfolio\/podcast-hotel-adriano\/\" target=\"_blank\">H\u00f4tel ADRIANO<\/a> et le cin\u00e9ma La Passerelle de Tr\u00e9voux au nord de Lyon, j&rsquo;ai propos\u00e9 \u00e0 son directeur Beno\u00eet Capello de cr\u00e9er pour l&rsquo;occasion une sorte d&rsquo;objet souvenir pour chaque membre du public pr\u00e9sent \u00e0 ces s\u00e9ances, sous la forme d&rsquo;un minizine encapsulant l&rsquo;essentiel du contenu de nos pr\u00e9sentations pour chaque film.<\/p>\n\n\n\n<p>Si \u00e0 l&rsquo;origine le pitch \u00e9tait de cr\u00e9er un minizine pour chacune des quatre s\u00e9ances du cycle, il a \u00e9t\u00e9 ensuite convenu pour des raisons de budget de tout rassembler en un unique objet pour l&rsquo;ensemble du cycle : c&rsquo;est sur ce point que le principal challenge du projet s&rsquo;est manifest\u00e9.<\/p>\n\n\n\n<p>Pour ce qui est du visuel principal en couverture du minizine, il est construit autour de quatre kanji japonais \u00ab\u00a0\u68ee\u00a0\u00bb (mori) signifiant \u00ab\u00a0for\u00eat\u00a0\u00bb o\u00f9 l&rsquo;on retrouve en incrustation les protagonistes de chaque film au milieu de la nature d\u00e9peinte dans leur histoires respectives.<\/p>\n\n\n\n<p>Vis \u00e0 vis du contenu, Beno\u00eet m&rsquo;a enti\u00e8rement fait confiance puisqu&rsquo;il savait qu&rsquo;il proviendrait de pr\u00e9c\u00e9dents \u00e9pisodes du podcast. Il fallait maintenant que je con\u00e7oive une mise en page claire, agr\u00e9able et d\u00e9clinable pour chacun des quatre films, et \u00e7a dans le format impos\u00e9 par le service d&rsquo;impression que je souhaitais utiliser depuis un certain temps sur un projet comme celui-ci : <a rel=\"noreferrer noopener\" href=\"https:\/\/www.newspaperclub.com\" target=\"_blank\">Newspaper Club<\/a>, et son format Digital Mini de 16 pages. En mettant de c\u00f4t\u00e9 la premi\u00e8re et quatri\u00e8me de couverture ainsi que la page de garde et la page de titre faisait \u00e9galement office d&rsquo;introduction, j&rsquo;avais trois pages par films \u00e0 ma disposition.<\/p>\n\n\n\n<p>L&rsquo;id\u00e9e qui s&rsquo;est rapidement d\u00e9gag\u00e9e et qui s&rsquo;est retrouv\u00e9e dans la version finale du minizine est d&rsquo;avoir coup\u00e9 ce dernier en deux parties : la premi\u00e8re, compos\u00e9e de quatre doubles-pages o\u00f9 pratiquement tout le contenu texte est organis\u00e9 autour d&rsquo;une image centrale sp\u00e9cifiquement choisie pour repr\u00e9senter les th\u00e9matiques \u00e9cologiques du film en question et relier la double-page en son c\u0153ur, et la seconde o\u00f9 c&rsquo;est cette fois le visuel qui pr\u00e9domine pour illustrer la rubrique \u00ab\u00a0C&rsquo;est Quoi Ton Plan ?\u00a0\u00bb de notre podcast pour chacun des quatre films.<\/p>\n\n\n\n<p>L&rsquo;objet final, imprim\u00e9 \u00e0 100 exemplaires sur du papier certifi\u00e9 FSC et Ecolabel Europ\u00e9en, est donc bien \u00e9quilibr\u00e9 entre contenu texte et habillage visuel en plus d&rsquo;\u00eatre \u00e0 la fois synth\u00e9tique et riche en information pour bien appr\u00e9hender chaque film du cycle de cin\u00e9-rencontres.<\/p>\n\n\n\n<p><span style=\"color:#ff4a4b\" class=\"has-inline-color\">\u2014<\/span><br><em><em>\u00ab\u00a0<\/em>Boris a accompagn\u00e9 notre cin\u00e9ma sur un projet de fanzine autour de l\u2019animation japonaise. Rigoureux et \u00e0 notre \u00e9coute, il a propos\u00e9 une maquette \u00e0 l\u2019identit\u00e9 forte, sobre et\u00a0\u00e9l\u00e9gante. Outre ses qualit\u00e9s de graphiste, sa grande connaissance du sujet lui a permis d\u2019\u00eatre force de proposition et m\u00eame moteur sur ce projet. Le magazine a \u00e9t\u00e9 tr\u00e8s appr\u00e9ci\u00e9 de nos spectateurs et de notre \u00e9quipe. Nous referons appel \u00e0 ses services avec beaucoup de plaisir.\u00a0\u00bb<\/em><br><strong><em>\u2013 Beno\u00eet Capello<\/em><\/strong><\/p>\n","protected":false},"excerpt":{"rendered":"<p>Dans le cadre d&rsquo;un cycle de cin\u00e9-rencontres autour de l&rsquo;animation japonaise et de l&rsquo;\u00e9cologie en collaboration entre le podcast H\u00f4tel ADRIANO et le cin\u00e9ma La Passerelle de Tr\u00e9voux au nord de Lyon, j&rsquo;ai propos\u00e9 \u00e0 son directeur Beno\u00eet Capello de cr\u00e9er pour l&rsquo;occasion une sorte d&rsquo;objet souvenir pour chaque membre du public pr\u00e9sent \u00e0 ces&hellip;<\/p>\n","protected":false},"author":1,"featured_media":5693,"comment_status":"closed","ping_status":"closed","template":"","meta":{"_acf_changed":false,"footnotes":""},"portfolio_category":[122],"portfolio_tag":[],"class_list":["post-5692","portfolio","type-portfolio","status-publish","has-post-thumbnail","hentry","portfolio_category-editorial-fr"],"acf":[],"_links":{"self":[{"href":"https:\/\/boris-lamfroycavret.com\/index.php?rest_route=\/wp\/v2\/portfolio\/5692","targetHints":{"allow":["GET"]}}],"collection":[{"href":"https:\/\/boris-lamfroycavret.com\/index.php?rest_route=\/wp\/v2\/portfolio"}],"about":[{"href":"https:\/\/boris-lamfroycavret.com\/index.php?rest_route=\/wp\/v2\/types\/portfolio"}],"author":[{"embeddable":true,"href":"https:\/\/boris-lamfroycavret.com\/index.php?rest_route=\/wp\/v2\/users\/1"}],"replies":[{"embeddable":true,"href":"https:\/\/boris-lamfroycavret.com\/index.php?rest_route=%2Fwp%2Fv2%2Fcomments&post=5692"}],"version-history":[{"count":18,"href":"https:\/\/boris-lamfroycavret.com\/index.php?rest_route=\/wp\/v2\/portfolio\/5692\/revisions"}],"predecessor-version":[{"id":5724,"href":"https:\/\/boris-lamfroycavret.com\/index.php?rest_route=\/wp\/v2\/portfolio\/5692\/revisions\/5724"}],"wp:featuredmedia":[{"embeddable":true,"href":"https:\/\/boris-lamfroycavret.com\/index.php?rest_route=\/wp\/v2\/media\/5693"}],"wp:attachment":[{"href":"https:\/\/boris-lamfroycavret.com\/index.php?rest_route=%2Fwp%2Fv2%2Fmedia&parent=5692"}],"wp:term":[{"taxonomy":"portfolio_category","embeddable":true,"href":"https:\/\/boris-lamfroycavret.com\/index.php?rest_route=%2Fwp%2Fv2%2Fportfolio_category&post=5692"},{"taxonomy":"portfolio_tag","embeddable":true,"href":"https:\/\/boris-lamfroycavret.com\/index.php?rest_route=%2Fwp%2Fv2%2Fportfolio_tag&post=5692"}],"curies":[{"name":"wp","href":"https:\/\/api.w.org\/{rel}","templated":true}]}}